{"id":2067,"date":"2018-10-11T13:28:05","date_gmt":"2018-10-11T11:28:05","guid":{"rendered":"http:\/\/jcgqqhj.cluster030.hosting.ovh.net\/es\/?page_id=2067"},"modified":"2024-04-26T09:44:18","modified_gmt":"2024-04-26T07:44:18","slug":"yo-puedo","status":"publish","type":"page","link":"https:\/\/oiecinternational.com\/es\/los-polos\/polo-de-proyectos-educativos-y-culturales\/yo-puedo\/","title":{"rendered":"YO PUEDO"},"content":{"rendered":"\t\t<div data-elementor-type=\"wp-page\" data-elementor-id=\"2067\" class=\"elementor elementor-2067\">\n\t\t\t\t\t\t<section class=\"elementor-section elementor-top-section elementor-element elementor-element-f421050 elementor-section-boxed elementor-section-height-default elementor-section-height-default\" data-id=\"f421050\" data-element_type=\"section\">\n\t\t\t\t\t\t<div class=\"elementor-container elementor-column-gap-default\">\n\t\t\t\t\t<div class=\"elementor-column elementor-col-100 elementor-top-column elementor-element elementor-element-ade3f0e\" data-id=\"ade3f0e\" data-element_type=\"column\">\n\t\t\t<div class=\"elementor-widget-wrap\">\n\t\t\t\t\t\t\t<\/div>\n\t\t<\/div>\n\t\t\t\t\t<\/div>\n\t\t<\/section>\n\t\t\t\t<section class=\"elementor-section elementor-top-section elementor-element elementor-element-92146f9 elementor-section-boxed elementor-section-height-default elementor-section-height-default\" data-id=\"92146f9\" data-element_type=\"section\">\n\t\t\t\t\t\t<div class=\"elementor-container elementor-column-gap-default\">\n\t\t\t\t\t<div class=\"elementor-column elementor-col-100 elementor-top-column elementor-element elementor-element-f7e8ada\" data-id=\"f7e8ada\" data-element_type=\"column\">\n\t\t\t<div class=\"elementor-widget-wrap elementor-element-populated\">\n\t\t\t\t\t\t<div class=\"elementor-element elementor-element-af0a4b9 elementor-widget elementor-widget-text-editor\" data-id=\"af0a4b9\" data-element_type=\"widget\" data-widget_type=\"text-editor.default\">\n\t\t\t\t<div class=\"elementor-widget-container\">\n\t\t\t\t\t\t\t<h4><span style=\"color: #333333;\">Con entusiasmo y compromiso, la OIEC ha ideado el proyecto <strong><a href=\"http:\/\/oiecinternational.com\/es\/wp-content\/uploads\/sites\/2\/2018\/08\/YO_PUEDO_esp.pdf\" target=\"_blank\" rel=\"noopener\" data-wplink-edit=\"true\">&#8220;Yo puedo&#8221;<\/a>\u00a0<\/strong>en respuesta a los retos que la enc\u00edclica LAUDATO SI&#8217; propone a los ni\u00f1os y j\u00f3venes.<\/span><\/h4><h4><strong><span style=\"color: #333333;\">El objetivo es trabajar juntos para crear proyectos de cambio y ponerlos en pr\u00e1ctica.<\/span><\/strong><\/h4>\t\t\t\t\t\t<\/div>\n\t\t\t\t<\/div>\n\t\t\t\t\t<\/div>\n\t\t<\/div>\n\t\t\t\t\t<\/div>\n\t\t<\/section>\n\t\t\t\t<section class=\"elementor-section elementor-top-section elementor-element elementor-element-efcd7f9 elementor-section-boxed elementor-section-height-default elementor-section-height-default\" data-id=\"efcd7f9\" data-element_type=\"section\">\n\t\t\t\t\t\t<div class=\"elementor-container elementor-column-gap-default\">\n\t\t\t\t\t<div class=\"elementor-column elementor-col-66 elementor-top-column elementor-element elementor-element-717cb22\" data-id=\"717cb22\" data-element_type=\"column\">\n\t\t\t<div class=\"elementor-widget-wrap elementor-element-populated\">\n\t\t\t\t\t\t<div class=\"elementor-element elementor-element-294c736 elementor-widget elementor-widget-text-editor\" data-id=\"294c736\" data-element_type=\"widget\" data-widget_type=\"text-editor.default\">\n\t\t\t\t<div class=\"elementor-widget-container\">\n\t\t\t\t\t\t\t<h4>UNA GU\u00cdA DID\u00c1CTICA :<br \/>TRABAJAR JUNTOS UTILIZANDO LA MISMA METODOLOG\u00cdA.<\/h4><p>La gu\u00eda educativa titulada<strong> &#8220;\u00a1Yo puedo! Ni\u00f1os y j\u00f3venes ante el reto de LAUDATO SI&#8217;: Salvaguardar la casa com\u00fan&#8221;<\/strong> te muestra los pasos a seguir para crear miles de proyectos de cambio por parte de ni\u00f1os y j\u00f3venes, ya sea en escuelas de todo el mundo, en grupos de catequesis o en reuniones juveniles formales o informales.<\/p><p>La gu\u00eda est\u00e1 disponible en varios idiomas:<br \/>\u00a0<a style=\"background-color: #ffffff;\" href=\"http:\/\/oiecinternational.com\/fr\/wp-content\/uploads\/sites\/3\/2018\/08\/JE-PEUX_FR_2.pdf\">FR<\/a>\u00a0&#8211;\u00a0<a style=\"background-color: #ffffff;\" href=\"http:\/\/oiecinternational.com\/fr\/wp-content\/uploads\/sites\/3\/2018\/08\/YOPUEDO_EN.pdf\">EN<\/a>\u00a0&#8211;\u00a0\u00a0<a style=\"background-color: #ffffff;\" href=\"http:\/\/oiecinternational.com\/fr\/wp-content\/uploads\/sites\/3\/2018\/08\/YO_PUEDO_esp.pdf\">ES<\/a>\u00a0&#8211;\u00a0\u00a0<a style=\"background-color: #ffffff;\" href=\"http:\/\/oiecinternational.com\/fr\/wp-content\/uploads\/sites\/3\/2018\/08\/YOPUEDO_it.pdf\">IT<\/a>\u00a0&#8211;\u00a0<a style=\"background-color: #ffffff;\" href=\"http:\/\/oiecinternational.com\/fr\/wp-content\/uploads\/sites\/3\/2018\/08\/EU-POSSO_pt_2.pdf\">POR<\/a>\u00a0&#8211;\u00a0<a style=\"background-color: #ffffff;\" href=\"http:\/\/oiecinternational.com\/fr\/wp-content\/uploads\/sites\/3\/2021\/07\/YO-PUEDO_polaco3288.pdf\">POL<\/a>\u00a0&#8211;\u00a0<a style=\"background-color: #ffffff;\" href=\"http:\/\/oiecinternational.com\/fr\/wp-content\/uploads\/sites\/3\/2021\/07\/YO-PUEDO_rumano3289.pdf\">ROU<\/a>\u00a0&#8211;\u00a0<a style=\"background-color: #ffffff;\" href=\"http:\/\/oiecinternational.com\/fr\/wp-content\/uploads\/sites\/3\/2021\/07\/\u0623\u0646\u0627-\u0623\u0633\u062a\u0637\u064a\u06393290-yo-puedo-arab.pdf\">AR<\/a><\/p><p>La gu\u00eda aplica la metodolog\u00eda <a href=\"http:\/\/oiecinternational.com\/es\/wp-content\/uploads\/sites\/2\/2018\/10\/Articulo-OIEC_DESIGN-FOR-CHANGE.pdf\" target=\"_blank\" rel=\"noopener\"><strong><em>Design for Change (DFC)<\/em><\/strong><\/a>, que facilita el proceso de trabajo conjunto con una herramienta que garantiza que los ni\u00f1os y j\u00f3venes tomen la iniciativa y el poder de forma aut\u00f3noma y cr\u00edtica, y que compartamos proyectos para inspirar e influir en otros. El objetivo es generar una red global de peque\u00f1os cambios que transformen la sociedad y el mundo, haci\u00e9ndolo m\u00e1s humano y sostenible.<\/p>\t\t\t\t\t\t<\/div>\n\t\t\t\t<\/div>\n\t\t\t\t\t<\/div>\n\t\t<\/div>\n\t\t\t\t<div class=\"elementor-column elementor-col-33 elementor-top-column elementor-element elementor-element-fadebd4\" data-id=\"fadebd4\" data-element_type=\"column\">\n\t\t\t<div class=\"elementor-widget-wrap elementor-element-populated\">\n\t\t\t\t\t\t<div class=\"elementor-element elementor-element-962fa68 elementor-widget elementor-widget-image\" data-id=\"962fa68\" data-element_type=\"widget\" data-widget_type=\"image.default\">\n\t\t\t\t<div class=\"elementor-widget-container\">\n\t\t\t\t\t\t\t\t\t\t\t\t\t<img fetchpriority=\"high\" decoding=\"async\" width=\"585\" height=\"800\" src=\"https:\/\/oiecinternational.com\/es\/wp-content\/uploads\/sites\/2\/2023\/08\/yo-puedo-web.png\" class=\"attachment-full size-full wp-image-4677\" alt=\"\" srcset=\"https:\/\/oiecinternational.com\/es\/wp-content\/uploads\/sites\/2\/2023\/08\/yo-puedo-web.png 585w, https:\/\/oiecinternational.com\/es\/wp-content\/uploads\/sites\/2\/2023\/08\/yo-puedo-web-219x300.png 219w\" sizes=\"(max-width: 585px) 100vw, 585px\" \/>\t\t\t\t\t\t\t\t\t\t\t\t\t<\/div>\n\t\t\t\t<\/div>\n\t\t\t\t\t<\/div>\n\t\t<\/div>\n\t\t\t\t\t<\/div>\n\t\t<\/section>\n\t\t\t\t<section class=\"elementor-section elementor-top-section elementor-element elementor-element-e9609b0 elementor-section-boxed elementor-section-height-default elementor-section-height-default\" data-id=\"e9609b0\" data-element_type=\"section\">\n\t\t\t\t\t\t<div class=\"elementor-container elementor-column-gap-default\">\n\t\t\t\t\t<div class=\"elementor-column elementor-col-100 elementor-top-column elementor-element elementor-element-f53792c\" data-id=\"f53792c\" data-element_type=\"column\">\n\t\t\t<div class=\"elementor-widget-wrap elementor-element-populated\">\n\t\t\t\t\t\t<div class=\"elementor-element elementor-element-b1063b5 elementor-widget elementor-widget-text-editor\" data-id=\"b1063b5\" data-element_type=\"widget\" data-widget_type=\"text-editor.default\">\n\t\t\t\t<div class=\"elementor-widget-container\">\n\t\t\t\t\t\t\t<h3>Socios y apoyo<\/h3><p>Para garantizar el \u00e9xito de esta iniciativa, la Office International de l&#8217;Enseignement Catholique (<strong>OIEC<\/strong>) colabora con la <strong>Comisi\u00f3n de Educaci\u00f3n de la Uni\u00f3n de Superiores Generales (USG)<\/strong> y <strong>la Uni\u00f3n Internacional de Superiores Generales (UISG)<\/strong>, <strong>las Scholas Occurrentes<\/strong>, <strong>la Organizaci\u00f3n Mundial de Antiguos Alumnos de la Ense\u00f1anza Cat\u00f3lica (OMAEC)<\/strong> y <strong>el movimiento internacional Design For Change<\/strong>. Se invita a otras organizaciones e instituciones a unirse a medida que se impliquen, para dar a los ni\u00f1os y j\u00f3venes la oportunidad de crear con ellos.<\/p>\t\t\t\t\t\t<\/div>\n\t\t\t\t<\/div>\n\t\t\t\t\t<\/div>\n\t\t<\/div>\n\t\t\t\t\t<\/div>\n\t\t<\/section>\n\t\t\t\t<section class=\"elementor-section elementor-top-section elementor-element elementor-element-09f3df0 elementor-section-boxed elementor-section-height-default elementor-section-height-default\" data-id=\"09f3df0\" data-element_type=\"section\">\n\t\t\t\t\t\t<div class=\"elementor-container elementor-column-gap-default\">\n\t\t\t\t\t<div class=\"elementor-column elementor-col-100 elementor-top-column elementor-element elementor-element-95f95b4\" data-id=\"95f95b4\" data-element_type=\"column\">\n\t\t\t<div class=\"elementor-widget-wrap elementor-element-populated\">\n\t\t\t\t\t\t<div class=\"elementor-element elementor-element-16b3071 elementor-widget elementor-widget-text-editor\" data-id=\"16b3071\" data-element_type=\"widget\" data-widget_type=\"text-editor.default\">\n\t\t\t\t<div class=\"elementor-widget-container\">\n\t\t\t\t\t\t\t<h3>\u00a1Comuniquemos y compartamos este proyecto!<\/h3><p>La OIEC ha invitado a sus miembros a difundir esta iniciativa <strong>enviando esta GU\u00cdA DID\u00c1CTICA a todos los organismos y foros educativos, profesores, animadores y directores de las distintas instituciones educativas<\/strong> a las que pertenecen o que les son cercanas, y a animarles a participar. Y que la cuelguen en sus p\u00e1ginas web y la difundan por correo electr\u00f3nico, a trav\u00e9s de las redes sociales propias o cooperativas&#8230;<\/p>\t\t\t\t\t\t<\/div>\n\t\t\t\t<\/div>\n\t\t\t\t\t<\/div>\n\t\t<\/div>\n\t\t\t\t\t<\/div>\n\t\t<\/section>\n\t\t\t\t<section class=\"elementor-section elementor-top-section elementor-element elementor-element-8506a61 elementor-section-boxed elementor-section-height-default elementor-section-height-default\" data-id=\"8506a61\" data-element_type=\"section\" data-settings=\"{&quot;background_background&quot;:&quot;classic&quot;}\">\n\t\t\t\t\t\t<div class=\"elementor-container elementor-column-gap-default\">\n\t\t\t\t\t<div class=\"elementor-column elementor-col-100 elementor-top-column elementor-element elementor-element-4752cfb\" data-id=\"4752cfb\" data-element_type=\"column\">\n\t\t\t<div class=\"elementor-widget-wrap elementor-element-populated\">\n\t\t\t\t\t\t<div class=\"elementor-element elementor-element-13d557a elementor-widget elementor-widget-heading\" data-id=\"13d557a\" data-element_type=\"widget\" data-widget_type=\"heading.default\">\n\t\t\t\t<div class=\"elementor-widget-container\">\n\t\t\t<h4 class=\"elementor-heading-title elementor-size-default\">M\u00e1s informaci\u00f3n sobre la metodolog\u00eda \"Dise\u00f1o para el cambio\":<\/h4>\t\t<\/div>\n\t\t\t\t<\/div>\n\t\t\t\t\t<\/div>\n\t\t<\/div>\n\t\t\t\t\t<\/div>\n\t\t<\/section>\n\t\t\t\t<section class=\"elementor-section elementor-top-section elementor-element elementor-element-9d94454 elementor-section-boxed elementor-section-height-default elementor-section-height-default\" data-id=\"9d94454\" data-element_type=\"section\">\n\t\t\t\t\t\t<div class=\"elementor-container elementor-column-gap-default\">\n\t\t\t\t\t<div class=\"elementor-column elementor-col-100 elementor-top-column elementor-element elementor-element-17d85cd\" data-id=\"17d85cd\" data-element_type=\"column\">\n\t\t\t<div class=\"elementor-widget-wrap elementor-element-populated\">\n\t\t\t\t\t\t<div class=\"elementor-element elementor-element-1153413 elementor-widget elementor-widget-text-editor\" data-id=\"1153413\" data-element_type=\"widget\" data-widget_type=\"text-editor.default\">\n\t\t\t\t<div class=\"elementor-widget-container\">\n\t\t\t\t\t\t\t<ul><li style=\"text-align: left;\">V\u00eddeos de cada una de las 4 fases del CFL en varios idiomas: Sentir, Imaginar, Actuar y Compartir: <a href=\"https:\/\/www.dfcworld.org\/SITE\/FIDS\" target=\"_blank\" rel=\"noopener\">https:\/\/www.dfcworld.org\/SITE\/FIDS<\/a><\/li><\/ul><ul><li style=\"text-align: left;\"><a href=\"http:\/\/oiecinternational.com\/fr\/wp-content\/uploads\/sites\/3\/2021\/07\/Breve-presentaci\u00f3n-del-m\u00e9todo-DFC3286.pdf\">Breve presentaci\u00f3n de la metodolog\u00eda DFC<\/a><\/li><\/ul>\t\t\t\t\t\t<\/div>\n\t\t\t\t<\/div>\n\t\t\t\t\t<\/div>\n\t\t<\/div>\n\t\t\t\t\t<\/div>\n\t\t<\/section>\n\t\t\t\t<section class=\"elementor-section elementor-top-section elementor-element elementor-element-3e04aa0 elementor-section-boxed elementor-section-height-default elementor-section-height-default\" data-id=\"3e04aa0\" data-element_type=\"section\">\n\t\t\t\t\t\t<div class=\"elementor-container elementor-column-gap-default\">\n\t\t\t\t\t<div class=\"elementor-column elementor-col-100 elementor-top-column elementor-element elementor-element-661d7ae\" data-id=\"661d7ae\" data-element_type=\"column\">\n\t\t\t<div class=\"elementor-widget-wrap elementor-element-populated\">\n\t\t\t\t\t\t<div class=\"elementor-element elementor-element-da1e070 elementor-widget elementor-widget-text-editor\" data-id=\"da1e070\" data-element_type=\"widget\" data-widget_type=\"text-editor.default\">\n\t\t\t\t<div class=\"elementor-widget-container\">\n\t\t\t\t\t\t\t<h4><strong>Presentaci\u00f3n del proyecto &#8220;Yo puedo&#8221; al Papa Francisco<\/strong><\/h4>\t\t\t\t\t\t<\/div>\n\t\t\t\t<\/div>\n\t\t\t\t\t<\/div>\n\t\t<\/div>\n\t\t\t\t\t<\/div>\n\t\t<\/section>\n\t\t\t\t<section class=\"elementor-section elementor-top-section elementor-element elementor-element-b6be17d elementor-section-boxed elementor-section-height-default elementor-section-height-default\" data-id=\"b6be17d\" data-element_type=\"section\">\n\t\t\t\t\t\t<div class=\"elementor-container elementor-column-gap-default\">\n\t\t\t\t\t<div class=\"elementor-column elementor-col-50 elementor-top-column elementor-element elementor-element-2d6f5b5\" data-id=\"2d6f5b5\" data-element_type=\"column\">\n\t\t\t<div class=\"elementor-widget-wrap elementor-element-populated\">\n\t\t\t\t\t\t<div class=\"elementor-element elementor-element-84bba03 elementor-widget elementor-widget-text-editor\" data-id=\"84bba03\" data-element_type=\"widget\" data-widget_type=\"text-editor.default\">\n\t\t\t\t<div class=\"elementor-widget-container\">\n\t\t\t\t\t\t\t<p>Durante la audiencia del Papa del 6 de octubre de 2018, que tuvo lugar con motivo de la XV Asamblea General Ordinaria del S\u00ednodo de los Obispos (sobre el tema: Los j\u00f3venes, la fe y el discernimiento vocacional), varios ni\u00f1os informaron sobre su participaci\u00f3n en el proyecto &#8220;\u00a1Yo, puedo!&#8221;<br \/><strong>un proyecto sobre el uso de energ\u00edas limpias por parte de los caficultores de Colombia<\/strong>. <strong>Y j\u00f3venes de Valladolid \/ Espa\u00f1a compartieron sus experiencias con la aplicaci\u00f3n de la metodolog\u00eda del Dise\u00f1o para el Cambio, que ha tenido un impacto en sus contextos personales, sociales y medioambientales<\/strong> (las intervenciones pueden verse en franc\u00e9s de 1 h 32 min a 1 h 39 min 22 s).<\/p>\t\t\t\t\t\t<\/div>\n\t\t\t\t<\/div>\n\t\t\t\t\t<\/div>\n\t\t<\/div>\n\t\t\t\t<div class=\"elementor-column elementor-col-50 elementor-top-column elementor-element elementor-element-fe58bca\" data-id=\"fe58bca\" data-element_type=\"column\">\n\t\t\t<div class=\"elementor-widget-wrap elementor-element-populated\">\n\t\t\t\t\t\t<div class=\"elementor-element elementor-element-8b7c73e elementor-widget elementor-widget-video\" data-id=\"8b7c73e\" data-element_type=\"widget\" data-settings=\"{&quot;youtube_url&quot;:&quot;https:\\\/\\\/www.youtube.com\\\/watch?v=Hk3oHgsMjvQ&quot;,&quot;loop&quot;:&quot;yes&quot;,&quot;video_type&quot;:&quot;youtube&quot;,&quot;controls&quot;:&quot;yes&quot;}\" data-widget_type=\"video.default\">\n\t\t\t\t<div class=\"elementor-widget-container\">\n\t\t\t\t\t<div class=\"elementor-wrapper elementor-open-inline\">\n\t\t\t<div class=\"elementor-video\"><\/div>\t\t<\/div>\n\t\t\t\t<\/div>\n\t\t\t\t<\/div>\n\t\t\t\t\t<\/div>\n\t\t<\/div>\n\t\t\t\t\t<\/div>\n\t\t<\/section>\n\t\t\t\t<section class=\"elementor-section elementor-top-section elementor-element elementor-element-cef637a elementor-section-boxed elementor-section-height-default elementor-section-height-default\" data-id=\"cef637a\" data-element_type=\"section\">\n\t\t\t\t\t\t<div class=\"elementor-container elementor-column-gap-default\">\n\t\t\t\t\t<div class=\"elementor-column elementor-col-100 elementor-top-column elementor-element elementor-element-8958677\" data-id=\"8958677\" data-element_type=\"column\">\n\t\t\t<div class=\"elementor-widget-wrap elementor-element-populated\">\n\t\t\t\t\t\t<div class=\"elementor-element elementor-element-cd9b291 elementor-widget elementor-widget-text-editor\" data-id=\"cd9b291\" data-element_type=\"widget\" data-widget_type=\"text-editor.default\">\n\t\t\t\t<div class=\"elementor-widget-container\">\n\t\t\t\t\t\t\t<h4><strong>Cumbre Mundial de la Infancia<\/strong><\/h4>\t\t\t\t\t\t<\/div>\n\t\t\t\t<\/div>\n\t\t\t\t\t<\/div>\n\t\t<\/div>\n\t\t\t\t\t<\/div>\n\t\t<\/section>\n\t\t\t\t<section class=\"elementor-section elementor-top-section elementor-element elementor-element-b5d7630 elementor-section-boxed elementor-section-height-default elementor-section-height-default\" data-id=\"b5d7630\" data-element_type=\"section\">\n\t\t\t\t\t\t<div class=\"elementor-container elementor-column-gap-default\">\n\t\t\t\t\t<div class=\"elementor-column elementor-col-50 elementor-top-column elementor-element elementor-element-5fdd50a\" data-id=\"5fdd50a\" data-element_type=\"column\">\n\t\t\t<div class=\"elementor-widget-wrap elementor-element-populated\">\n\t\t\t\t\t\t<div class=\"elementor-element elementor-element-c4017e5 elementor-widget elementor-widget-image\" data-id=\"c4017e5\" data-element_type=\"widget\" data-widget_type=\"image.default\">\n\t\t\t\t<div class=\"elementor-widget-container\">\n\t\t\t\t\t\t\t\t\t\t\t\t\t<img decoding=\"async\" width=\"730\" height=\"1024\" src=\"https:\/\/oiecinternational.com\/es\/wp-content\/uploads\/sites\/2\/2023\/08\/INVITATION-I-CAN-SUMMIT-1-730x1024-1.jpg\" class=\"attachment-full size-full wp-image-4730\" alt=\"\" srcset=\"https:\/\/oiecinternational.com\/es\/wp-content\/uploads\/sites\/2\/2023\/08\/INVITATION-I-CAN-SUMMIT-1-730x1024-1.jpg 730w, https:\/\/oiecinternational.com\/es\/wp-content\/uploads\/sites\/2\/2023\/08\/INVITATION-I-CAN-SUMMIT-1-730x1024-1-214x300.jpg 214w\" sizes=\"(max-width: 730px) 100vw, 730px\" \/>\t\t\t\t\t\t\t\t\t\t\t\t\t<\/div>\n\t\t\t\t<\/div>\n\t\t\t\t\t<\/div>\n\t\t<\/div>\n\t\t\t\t<div class=\"elementor-column elementor-col-50 elementor-top-column elementor-element elementor-element-02d80d3\" data-id=\"02d80d3\" data-element_type=\"column\">\n\t\t\t<div class=\"elementor-widget-wrap elementor-element-populated\">\n\t\t\t\t\t\t<div class=\"elementor-element elementor-element-2a0287d elementor-widget elementor-widget-text-editor\" data-id=\"2a0287d\" data-element_type=\"widget\" data-widget_type=\"text-editor.default\">\n\t\t\t\t<div class=\"elementor-widget-container\">\n\t\t\t\t\t\t\t<p><strong>Del 27 al 30 de noviembre de 2019<\/strong> se celebr\u00f3 en Roma la Cumbre Mundial de la Infancia en el marco del proyecto &#8220;Yo puedo&#8221;. A lo largo de cuatro d\u00edas, m\u00e1s de 2500 ni\u00f1os y j\u00f3venes de m\u00e1s de 40 pa\u00edses demostraron al mundo que quieren, saben y pueden cambiar el mundo, haci\u00e9ndolo m\u00e1s humano, m\u00e1s solidario y m\u00e1s sostenible.<\/p><p><strong>M\u00e1s informaci\u00f3n sobre la Cumbre Mundial :<\/strong><\/p><ul><li>V\u00eddeo de la Cumbre Mundial :<br \/>\u00a0<a href=\"https:\/\/youtu.be\/6eWA0ZPbGIk\">https:\/\/youtu.be\/6eWA0ZPbGIk<\/a><\/li><li>Fotos : <a class=\"t_underline\" href=\"https:\/\/ssl.microsofttranslator.com\/bv.aspx?ref=TAns&amp;from=&amp;to=fr&amp;a=https%3A%2F%2Fbtc.dfcworld.org%2FCelebrations%2FBTC2019\" target=\"_blank\" rel=\"noopener noreferrer\" data-bm=\"70\">https:\/\/btc.dfcworld.org\/Celebrations\/BTC2019<\/a><\/li><li>Discurso de Su Santidad el Papa Francisco a los participantes en la Cumbre Mundial en favor de la Infancia : <a href=\"https:\/\/www.vatican.va\/content\/francesco\/en\/speeches\/2019\/november\/documents\/papa-francesco_20191130_progetto-yopuedo.html\">cliquez ici.<\/a><\/li><\/ul>\t\t\t\t\t\t<\/div>\n\t\t\t\t<\/div>\n\t\t\t\t\t<\/div>\n\t\t<\/div>\n\t\t\t\t\t<\/div>\n\t\t<\/section>\n\t\t\t\t<\/div>\n\t\t","protected":false},"excerpt":{"rendered":"<p>Con entusiasmo y compromiso, la OIEC ha ideado el proyecto &#8220;Yo puedo&#8221;\u00a0en respuesta a los retos que la enc\u00edclica LAUDATO SI&#8217; propone a los ni\u00f1os y j\u00f3venes. El objetivo es trabajar juntos para crear proyectos de cambio y ponerlos en pr\u00e1ctica. UNA GU\u00cdA DID\u00c1CTICA :TRABAJAR JUNTOS UTILIZANDO LA MISMA METODOLOG\u00cdA. La gu\u00eda educativa titulada &#8220;\u00a1Yo puedo! Ni\u00f1os y j\u00f3venes ante&#8230;<\/p>\n","protected":false},"author":1,"featured_media":0,"parent":4667,"menu_order":1,"comment_status":"closed","ping_status":"closed","template":"","meta":{"_eb_attr":"","footnotes":""},"class_list":["post-2067","page","type-page","status-publish","hentry"],"_links":{"self":[{"href":"https:\/\/oiecinternational.com\/es\/wp-json\/wp\/v2\/pages\/2067"}],"collection":[{"href":"https:\/\/oiecinternational.com\/es\/wp-json\/wp\/v2\/pages"}],"about":[{"href":"https:\/\/oiecinternational.com\/es\/wp-json\/wp\/v2\/types\/page"}],"author":[{"embeddable":true,"href":"https:\/\/oiecinternational.com\/es\/wp-json\/wp\/v2\/users\/1"}],"replies":[{"embeddable":true,"href":"https:\/\/oiecinternational.com\/es\/wp-json\/wp\/v2\/comments?post=2067"}],"version-history":[{"count":39,"href":"https:\/\/oiecinternational.com\/es\/wp-json\/wp\/v2\/pages\/2067\/revisions"}],"predecessor-version":[{"id":5330,"href":"https:\/\/oiecinternational.com\/es\/wp-json\/wp\/v2\/pages\/2067\/revisions\/5330"}],"up":[{"embeddable":true,"href":"https:\/\/oiecinternational.com\/es\/wp-json\/wp\/v2\/pages\/4667"}],"wp:attachment":[{"href":"https:\/\/oiecinternational.com\/es\/wp-json\/wp\/v2\/media?parent=2067"}],"curies":[{"name":"wp","href":"https:\/\/api.w.org\/{rel}","templated":true}]}}